{"id":1090439,"date":"2025-05-28T08:19:55","date_gmt":"2025-05-28T08:19:55","guid":{"rendered":"https:\/\/auportoroi.lu\/?page_id=1090439"},"modified":"2025-05-28T08:20:56","modified_gmt":"2025-05-28T08:20:56","slug":"informacao-juridica","status":"publish","type":"page","link":"https:\/\/auportoroi.lu\/pt\/mentions-legales\/","title":{"rendered":"Termos e Condi\u00e7\u00f5es"},"content":{"rendered":"<p>[et_pb_section fb_built=\u00a0\u00bb1&Prime; custom_padding_last_edited=\u00a0\u00bbon|phone\u00a0\u00bb _builder_version=\u00a0\u00bb4.27.4&Prime; _module_preset=\u00a0\u00bbdefault\u00a0\u00bb background_image=\u00a0\u00bbhttps:\/\/auportoroi.lu\/wp-content\/uploads\/2024\/03\/more-popular-wine-bg.webp\u00a0\u00bb custom_padding=\u00a0\u00bb250px||250px||true|false\u00a0\u00bb custom_padding_tablet=\u00a0\u00bb80px||80px||false|false\u00a0\u00bb custom_padding_phone=\u00a0\u00bb40px||40px||false|false\u00a0\u00bb locked=\u00a0\u00bboff\u00a0\u00bb global_colors_info=\u00a0\u00bb{}\u00a0\u00bb][et_pb_row custom_padding_last_edited=\u00a0\u00bbon|phone\u00a0\u00bb _builder_version=\u00a0\u00bb4.27.4&Prime; _module_preset=\u00a0\u00bbdefault\u00a0\u00bb width_tablet=\u00a0\u00bb85%\u00a0\u00bb width_phone=\u00a0\u00bb90%\u00a0\u00bb width_last_edited=\u00a0\u00bbon|phone\u00a0\u00bb max_width_tablet=\u00a0\u00bb\u00a0\u00bb max_width_phone=\u00a0\u00bb90%\u00a0\u00bb max_width_last_edited=\u00a0\u00bbon|phone\u00a0\u00bb custom_padding=\u00a0\u00bb50px||50px||false|false\u00a0\u00bb custom_padding_tablet=\u00a0\u00bb0px||||false|false\u00a0\u00bb custom_padding_phone=\u00a0\u00bb50px||80px||false|false\u00a0\u00bb custom_css_main_element=\u00a0\u00bbdisplay: flex;||align-items: center;\u00a0\u00bb global_colors_info=\u00a0\u00bb{}\u00a0\u00bb custom_css_main_element_last_edited=\u00a0\u00bbon|tablet\u00a0\u00bb custom_css_main_element_tablet=\u00a0\u00bbdisplay: flex;||flex-direction: column-reverse;\u00a0\u00bb custom_css_main_element_phone=\u00a0\u00bbdisplay: flex;||flex-direction: column-reverse;\u00a0\u00bb][et_pb_column type=\u00a0\u00bb4_4&Prime; _builder_version=\u00a0\u00bb4.24.2&Prime; _module_preset=\u00a0\u00bbdefault\u00a0\u00bb global_colors_info=\u00a0\u00bb{}\u00a0\u00bb custom_css_main_element_last_edited=\u00a0\u00bbon|tablet\u00a0\u00bb custom_css_main_element_tablet=\u00a0\u00bbmargin-bottom: 0px !important;\u00a0\u00bb custom_css_main_element_phone=\u00a0\u00bbmargin-bottom: 0px !important;\u00a0\u00bb][et_pb_blurb title=\u00a0\u00bbMentions l\u00e9gales \u00a0\u00bb content_max_width=\u00a0\u00bb100%\u00a0\u00bb content_max_width_tablet=\u00a0\u00bb100%\u00a0\u00bb content_max_width_phone=\u00a0\u00bb90%\u00a0\u00bb content_max_width_last_edited=\u00a0\u00bbon|phone\u00a0\u00bb _builder_version=\u00a0\u00bb4.27.4&Prime; _module_preset=\u00a0\u00bbdefault\u00a0\u00bb header_level=\u00a0\u00bbh2&Prime; header_font=\u00a0\u00bbSILK SERIF BLACK OK|900|||||||\u00a0\u00bb header_text_align=\u00a0\u00bbleft\u00a0\u00bb header_text_color=\u00a0\u00bb#090B16&Prime; header_font_size=\u00a0\u00bb45px\u00a0\u00bb header_letter_spacing=\u00a0\u00bb-2px\u00a0\u00bb header_line_height=\u00a0\u00bb57.6px\u00a0\u00bb body_font=\u00a0\u00bbMontserrat||||||||\u00a0\u00bb body_text_align=\u00a0\u00bbleft\u00a0\u00bb body_text_color=\u00a0\u00bb#080D15&Prime; body_font_size=\u00a0\u00bb16px\u00a0\u00bb body_line_height=\u00a0\u00bb25.6px\u00a0\u00bb background_enable_image=\u00a0\u00bboff\u00a0\u00bb background_size=\u00a0\u00bbcontain\u00a0\u00bb background_position=\u00a0\u00bbtop_center\u00a0\u00bb max_width=\u00a0\u00bb100%\u00a0\u00bb max_width_tablet=\u00a0\u00bb700px\u00a0\u00bb max_width_phone=\u00a0\u00bb700px\u00a0\u00bb max_width_last_edited=\u00a0\u00bbon|tablet\u00a0\u00bb module_alignment=\u00a0\u00bbleft\u00a0\u00bb custom_margin=\u00a0\u00bb||40px||false|false\u00a0\u00bb custom_margin_tablet=\u00a0\u00bb||44px||false|false\u00a0\u00bb custom_margin_phone=\u00a0\u00bb||30px||false|false\u00a0\u00bb custom_margin_last_edited=\u00a0\u00bbon|phone\u00a0\u00bb animation_style=\u00a0\u00bbfade\u00a0\u00bb animation_direction=\u00a0\u00bbtop\u00a0\u00bb animation_duration=\u00a0\u00bb1250ms\u00a0\u00bb animation_delay=\u00a0\u00bb150ms\u00a0\u00bb animation_starting_opacity=\u00a0\u00bb2%\u00a0\u00bb hover_enabled=\u00a0\u00bb0&Prime; header_font_size_tablet=\u00a0\u00bb40px\u00a0\u00bb header_font_size_phone=\u00a0\u00bb32px\u00a0\u00bb header_font_size_last_edited=\u00a0\u00bbon|phone\u00a0\u00bb header_line_height_tablet=\u00a0\u00bb48px\u00a0\u00bb header_line_height_phone=\u00a0\u00bb60px\u00a0\u00bb header_line_height_last_edited=\u00a0\u00bbon|phone\u00a0\u00bb body_font_size_tablet=\u00a0\u00bb16px\u00a0\u00bb body_font_size_phone=\u00a0\u00bb16px\u00a0\u00bb body_font_size_last_edited=\u00a0\u00bbon|phone\u00a0\u00bb body_line_height_tablet=\u00a0\u00bb25px\u00a0\u00bb body_line_height_phone=\u00a0\u00bb24px\u00a0\u00bb body_line_height_last_edited=\u00a0\u00bbon|phone\u00a0\u00bb custom_css_blurb_title=\u00a0\u00bbpadding-bottom: 18px;\u00a0\u00bb locked=\u00a0\u00bboff\u00a0\u00bb global_colors_info=\u00a0\u00bb{}\u00a0\u00bb custom_css_blurb_title_last_edited=\u00a0\u00bbon|phone\u00a0\u00bb custom_css_blurb_title_tablet=\u00a0\u00bbpadding-bottom: 14px;\u00a0\u00bb custom_css_blurb_title_phone=\u00a0\u00bbpadding-bottom: 10px;\u00a0\u00bb sticky_enabled=\u00a0\u00bb0&Prime;]<\/p>\n<h2><span id=\"lwptoc20\">1 &#8211; \u00c9dition du site<\/span><\/h2>\n<p>En vertu de<span>\u00a0<\/span>l&rsquo;article 6 de la loi n\u00b0 2004-575 du 21 juin 2004<span>\u00a0<\/span>pour la confiance dans l&rsquo;\u00e9conomie num\u00e9rique, il est pr\u00e9cis\u00e9 aux utilisateurs du site internet<span>\u00a0<\/span><strong><span class=\"ff_dynamic_value\" data-ref=\"url\" data-fallback=\"\">https:\/\/auportoroi.lu\/<\/span><\/strong><span>\u00a0<\/span>l&rsquo;identit\u00e9 des diff\u00e9rents intervenants dans le cadre de sa r\u00e9alisation et de son suivi:<\/p>\n<p><strong>Propri\u00e9taire du site :<span>\u00a0<\/span><\/strong><span class=\"ff_dynamic_value\" data-ref=\"nom_proprietaire\" data-fallback=\"\">PEDRO SOUSA<\/span><span>\u00a0<\/span>&#8211; Contact :<span>\u00a0<\/span><span class=\"ff_dynamic_value\" data-ref=\"e_mail_contact\" data-fallback=\"\">info@auportoroi.lu<\/span><span>\u00a0<\/span><span class=\"ff_dynamic_value\" data-ref=\"telephone\" data-fallback=\"\">+352 621 709 249<\/span><span>\u00a0<\/span>&#8211; Adresse :<span>\u00a0<\/span><span class=\"ff_dynamic_value\" data-ref=\"adresse_postale\" data-fallback=\"\">75 Rte de Diekirch &#8211; Luxembourg<\/span>.<\/p>\n<p><strong>Identification de l&rsquo;entreprise :<\/strong><span> <\/span>Adresse postale :<span>\u00a0<\/span><span class=\"ff_dynamic_value\" data-ref=\"adresse_postale\" data-fallback=\"\">75 Rte de Diekirch &#8211; Luxembourg<\/span><span>\u00a0<\/span><\/p>\n<p><strong>Directeur de la publication :<span> <\/span><\/strong><span class=\"ff_dynamic_value\" data-ref=\"contact_directeur\" data-fallback=\"\">info@auportoroi.lu<\/span>.<\/p>\n<p><strong>H\u00e9bergeur :<\/strong><span>\u00a0<\/span><span class=\"ff_dynamic_value\" data-ref=\"nom_hebergeur\" data-fallback=\"\">Hostinger<\/span><span class=\"ff_dynamic_value\" data-ref=\"adresse_hebergeur\" data-fallback=\"\"><\/span><span class=\"ff_dynamic_value\" data-ref=\"telephone_hebergeur\" data-fallback=\"\"><\/span><\/p>\n<p><strong>D\u00e9l\u00e9gu\u00e9 \u00e0 la protection des donn\u00e9es :<span> <\/span><\/strong><span class=\"ff_dynamic_value\" data-ref=\"contact_dpo\" data-fallback=\"\"><a href=\"mailto:info@auportoroi.lu\">info@auportoroi.lu<\/a><\/span><\/p>\n<p><span class=\"ff_dynamic_value\" data-ref=\"contact_dpo\" data-fallback=\"\"><\/span><\/p>\n<h2><span id=\"lwptoc21\">2 &#8211; Propri\u00e9t\u00e9 intellectuelle et contrefa\u00e7ons.<\/span><\/h2>\n<p><strong><span class=\"ff_dynamic_value\" data-ref=\"nom_proprietaire\" data-fallback=\"\">PEDRO SOUSA<\/span><\/strong><span>\u00a0<\/span>est propri\u00e9taire des droits de propri\u00e9t\u00e9 intellectuelle et d\u00e9tient les droits d\u2019usage sur tous les \u00e9l\u00e9ments accessibles sur le site internet, notamment les textes, images, graphismes, logos, vid\u00e9os, architecture, ic\u00f4nes et sons.<\/p>\n<p>Toute reproduction, repr\u00e9sentation, modification, publication, adaptation de tout ou partie des \u00e9l\u00e9ments du site, quel que soit le moyen ou le proc\u00e9d\u00e9 utilis\u00e9, est interdite, sauf autorisation \u00e9crite pr\u00e9alable de<span>\u00a0<\/span><strong><span class=\"ff_dynamic_value\" data-ref=\"nom_proprietaire\" data-fallback=\"\">PEDRO SOUSA<\/span><\/strong>.<\/p>\n<p>Toute exploitation non autoris\u00e9e du site ou de l\u2019un quelconque des \u00e9l\u00e9ments qu\u2019il contient sera consid\u00e9r\u00e9e comme constitutive d\u2019une contrefa\u00e7on et poursuivie conform\u00e9ment aux dispositions des articles<span>\u00a0<\/span>L.335-2 et suivants du Code de Propri\u00e9t\u00e9 Intellectuelle.<\/p>\n<h2><span id=\"lwptoc22\">3 &#8211; Limitations de responsabilit\u00e9.<\/span><\/h2>\n<p><strong><span class=\"ff_dynamic_value\" data-ref=\"nom_proprietaire\" data-fallback=\"\">Caves au Porto Roi<\/span><\/strong><span>\u00a0<\/span>ne pourra \u00eatre tenu pour responsable des dommages directs et indirects caus\u00e9s au mat\u00e9riel de l\u2019utilisateur, lors de l\u2019acc\u00e8s au site<span>\u00a0<\/span><strong><span class=\"ff_dynamic_value\" data-ref=\"url\" data-fallback=\"\">https:\/\/auportoroi.lu\/<\/span><\/strong>.<\/p>\n<p><span><strong><span class=\"ff_dynamic_value\" data-ref=\"nom_proprietaire\" data-fallback=\"\">Caves au Porto Roi<\/span><\/strong> <\/span>d\u00e9cline toute responsabilit\u00e9 quant \u00e0 l\u2019utilisation qui pourrait \u00eatre faite des informations et contenus pr\u00e9sents sur<span>\u00a0<\/span><strong><span class=\"ff_dynamic_value\" data-ref=\"url\" data-fallback=\"\">https:\/\/auportoroi.lu\/<\/span><\/strong>.<\/p>\n<p><span><strong><span class=\"ff_dynamic_value\" data-ref=\"nom_proprietaire\" data-fallback=\"\">Caves au Porto Roi<\/span><\/strong> <\/span>s\u2019engage \u00e0 s\u00e9curiser au mieux le site<span>\u00a0<\/span><strong><span class=\"ff_dynamic_value\" data-ref=\"url\" data-fallback=\"\">https:\/\/auportoroi.lu\/<\/span><\/strong>, cependant sa responsabilit\u00e9 ne pourra \u00eatre mise en cause si des donn\u00e9es ind\u00e9sirables sont import\u00e9es et install\u00e9es sur son site \u00e0 son insu.<\/p>\n<p>Des espaces interactifs (espace contact ou commentaires) sont \u00e0 la disposition des utilisateurs.<span> <strong><span class=\"ff_dynamic_value\" data-ref=\"nom_proprietaire\" data-fallback=\"\">Caves au Porto Roi<\/span><\/strong><\/span><span>\u00a0<\/span>se r\u00e9serve le droit de supprimer, sans mise en demeure pr\u00e9alable, tout contenu d\u00e9pos\u00e9 dans cet espace qui contreviendrait \u00e0 la l\u00e9gislation applicable en France, en particulier aux dispositions relatives \u00e0 la protection des donn\u00e9es.<\/p>\n<p>Le cas \u00e9ch\u00e9ant,<span> <strong><span class=\"ff_dynamic_value\" data-ref=\"nom_proprietaire\" data-fallback=\"\">Caves au Porto Roi<\/span><\/strong><\/span><span>\u00a0<\/span>se r\u00e9serve \u00e9galement la possibilit\u00e9 de mettre en cause la responsabilit\u00e9 civile et\/ou p\u00e9nale de l\u2019utilisateur, notamment en cas de message \u00e0 caract\u00e8re raciste, injurieux, diffamant, ou pornographique, quel que soit le support utilis\u00e9 (texte, photographie \u2026).<\/p>\n<h2><span id=\"lwptoc24\">4 &#8211; Liens hypertextes et cookies<\/span><\/h2>\n<p>Le site<span>\u00a0<\/span><strong><span class=\"ff_dynamic_value\" data-ref=\"url\" data-fallback=\"\">https:\/\/auportoroi.lu\/<\/span><\/strong><span>\u00a0<\/span>contient des liens hypertextes vers d\u2019autres sites et d\u00e9gage toute responsabilit\u00e9 \u00e0 propos de ces liens externes ou des liens cr\u00e9\u00e9s par d\u2019autres sites vers<span>\u00a0<\/span><strong><span class=\"ff_dynamic_value\" data-ref=\"url\" data-fallback=\"\">https:\/\/auportoroi.lu\/<\/span><\/strong>.<\/p>\n<p>La navigation sur le site<span>\u00a0<\/span><strong><span class=\"ff_dynamic_value\" data-ref=\"url\" data-fallback=\"\">https:\/\/auportoroi.lu\/<\/span><\/strong><span>\u00a0<\/span>est susceptible de provoquer l\u2019installation de cookie(s) sur l\u2019ordinateur de l\u2019utilisateur.<\/p>\n<p>Un \u00ab\u00a0cookie\u00a0\u00bb est un fichier de petite taille qui enregistre des informations relatives \u00e0 la navigation d\u2019un utilisateur sur un site. Les donn\u00e9es ainsi obtenues permettent d&rsquo;obtenir des mesures de fr\u00e9quentation, par exemple.<\/p>\n<p>Vous avez la possibilit\u00e9<span>\u00a0<\/span><strong>d\u2019accepter ou de refuser les cookies<\/strong><span>\u00a0<\/span>en modifiant les param\u00e8tres de votre navigateur. Aucun cookie ne sera d\u00e9pos\u00e9 sans votre consentement.<\/p>\n<p>Les cookies sont enregistr\u00e9s pour une dur\u00e9e maximale de<span>\u00a0<\/span><span class=\"ff_dynamic_value\" data-ref=\"cookies\" data-fallback=\"\">6<\/span><span>\u00a0<\/span>mois.<\/p>\n<p>Pour plus d&rsquo;informations sur la fa\u00e7on dont nous faisons usage des cookies, lisez notre<span>\u00a0<\/span><strong><span class=\"ff_dynamic_value\" data-ref=\"politique_confidentialite\" data-fallback=\"\"><a href=\"https:\/\/auportoroi.lu\/politique-de-confidentialite\/\">https:\/\/auportoroi.lu\/politique-de-confidentialite\/<\/a><\/span><\/strong><\/p>\n<h2><span id=\"lwptoc25\">5 &#8211; Droit applicable et attribution de juridiction.<\/span><\/h2>\n<p>Tout litige en relation avec l\u2019utilisation du site<span>\u00a0<\/span><strong><span class=\"ff_dynamic_value\" data-ref=\"url\" data-fallback=\"\">https:\/\/auportoroi.lu\/<\/span><\/strong><span>\u00a0<\/span>est soumis au droit fran\u00e7ais. En dehors des cas o\u00f9 la loi ne le permet pas, il est fait attribution exclusive de juridiction aux tribunaux comp\u00e9tents de<span>\u00a0<\/span><strong><span class=\"ff_dynamic_value\" data-ref=\"ville_du_tribunal\" data-fallback=\"\">Luxembourg<\/span><\/strong>.<\/p>\n<p>[\/et_pb_blurb][\/et_pb_column][\/et_pb_row][\/et_pb_section]<\/p>\n","protected":false},"excerpt":{"rendered":"<p>1 &#8211; \u00c9dition du site En vertu de\u00a0l&rsquo;article 6 de la loi n\u00b0 2004-575 du 21 juin 2004\u00a0pour la confiance dans l&rsquo;\u00e9conomie num\u00e9rique, il est pr\u00e9cis\u00e9 aux utilisateurs du site internet\u00a0https:\/\/auportoroi.lu\/\u00a0l&rsquo;identit\u00e9 des diff\u00e9rents intervenants dans le cadre de sa r\u00e9alisation et de son suivi: Propri\u00e9taire du site :\u00a0PEDRO SOUSA\u00a0&#8211; Contact :\u00a0info@auportoroi.lu\u00a0+352 621 709 249\u00a0&#8211; Adresse :\u00a075 Rte de Diekirch &#8211; Luxembourg. Identification de l&rsquo;entreprise : Adresse postale :\u00a075 Rte de Diekirch &#8211; Luxembourg\u00a0 Directeur de la publication : info@auportoroi.lu. H\u00e9bergeur :\u00a0Hostinger D\u00e9l\u00e9gu\u00e9 \u00e0 la protection des donn\u00e9es : info@auportoroi.lu 2 &#8211; Propri\u00e9t\u00e9 intellectuelle et contrefa\u00e7ons. PEDRO SOUSA\u00a0est propri\u00e9taire des droits de propri\u00e9t\u00e9 intellectuelle et d\u00e9tient les droits d\u2019usage sur tous les \u00e9l\u00e9ments accessibles sur le site internet, notamment les textes, images, graphismes, logos, vid\u00e9os, architecture, ic\u00f4nes et sons. Toute reproduction, repr\u00e9sentation, modification, publication, adaptation de tout ou partie des \u00e9l\u00e9ments du site, quel que soit le moyen ou le proc\u00e9d\u00e9 utilis\u00e9, est interdite, sauf autorisation \u00e9crite pr\u00e9alable de\u00a0PEDRO SOUSA. Toute exploitation non autoris\u00e9e du site ou de l\u2019un quelconque des \u00e9l\u00e9ments qu\u2019il contient sera consid\u00e9r\u00e9e comme constitutive d\u2019une contrefa\u00e7on et poursuivie conform\u00e9ment aux dispositions des articles\u00a0L.335-2 et suivants du Code de Propri\u00e9t\u00e9 Intellectuelle. 3 &#8211; Limitations de responsabilit\u00e9. Caves au [&hellip;]<\/p>\n","protected":false},"author":1,"featured_media":0,"parent":0,"menu_order":0,"comment_status":"closed","ping_status":"closed","template":"","meta":{"_et_pb_use_builder":"on","_et_pb_old_content":"","_et_gb_content_width":"","footnotes":""},"difl_page_category":[],"class_list":["post-1090439","page","type-page","status-publish","hentry"],"yoast_head":"<!-- This site is optimized with the Yoast SEO plugin v27.3 - https:\/\/yoast.com\/product\/yoast-seo-wordpress\/ -->\n<title>Mentions l\u00e9gales - Caves au Porto Roi<\/title>\n<meta name=\"robots\" content=\"index, follow, max-snippet:-1, max-image-preview:large, max-video-preview:-1\" \/>\n<link rel=\"canonical\" href=\"https:\/\/auportoroi.lu\/pt\/informacao-juridica\/\" \/>\n<meta property=\"og:locale\" content=\"pt_PT\" \/>\n<meta property=\"og:type\" content=\"article\" \/>\n<meta property=\"og:title\" content=\"Mentions l\u00e9gales - Caves au Porto Roi\" \/>\n<meta property=\"og:description\" content=\"1 - \u00c9dition du site En vertu de\u00a0l&#039;article 6 de la loi n\u00b0 2004-575 du 21 juin 2004\u00a0pour la confiance dans l&#039;\u00e9conomie num\u00e9rique, il est pr\u00e9cis\u00e9 aux utilisateurs du site internet\u00a0https:\/\/auportoroi.lu\/\u00a0l&#039;identit\u00e9 des diff\u00e9rents intervenants dans le cadre de sa r\u00e9alisation et de son suivi: Propri\u00e9taire du site :\u00a0PEDRO SOUSA\u00a0- Contact :\u00a0info@auportoroi.lu\u00a0+352 621 709 249\u00a0- Adresse :\u00a075 Rte de Diekirch - Luxembourg. Identification de l&#039;entreprise : Adresse postale :\u00a075 Rte de Diekirch - Luxembourg\u00a0 Directeur de la publication : info@auportoroi.lu. H\u00e9bergeur :\u00a0Hostinger D\u00e9l\u00e9gu\u00e9 \u00e0 la protection des donn\u00e9es : info@auportoroi.lu 2 - Propri\u00e9t\u00e9 intellectuelle et contrefa\u00e7ons. PEDRO SOUSA\u00a0est propri\u00e9taire des droits de propri\u00e9t\u00e9 intellectuelle et d\u00e9tient les droits d\u2019usage sur tous les \u00e9l\u00e9ments accessibles sur le site internet, notamment les textes, images, graphismes, logos, vid\u00e9os, architecture, ic\u00f4nes et sons. Toute reproduction, repr\u00e9sentation, modification, publication, adaptation de tout ou partie des \u00e9l\u00e9ments du site, quel que soit le moyen ou le proc\u00e9d\u00e9 utilis\u00e9, est interdite, sauf autorisation \u00e9crite pr\u00e9alable de\u00a0PEDRO SOUSA. Toute exploitation non autoris\u00e9e du site ou de l\u2019un quelconque des \u00e9l\u00e9ments qu\u2019il contient sera consid\u00e9r\u00e9e comme constitutive d\u2019une contrefa\u00e7on et poursuivie conform\u00e9ment aux dispositions des articles\u00a0L.335-2 et suivants du Code de Propri\u00e9t\u00e9 Intellectuelle. 3 - Limitations de responsabilit\u00e9. Caves au [&hellip;]\" \/>\n<meta property=\"og:url\" content=\"https:\/\/auportoroi.lu\/pt\/informacao-juridica\/\" \/>\n<meta property=\"og:site_name\" content=\"Caves au Porto Roi\" \/>\n<meta property=\"article:modified_time\" content=\"2025-05-28T08:20:56+00:00\" \/>\n<meta name=\"twitter:card\" content=\"summary_large_image\" \/>\n<script type=\"application\/ld+json\" class=\"yoast-schema-graph\">{\"@context\":\"https:\\\/\\\/schema.org\",\"@graph\":[{\"@type\":\"WebPage\",\"@id\":\"https:\\\/\\\/auportoroi.lu\\\/mentions-legales\\\/\",\"url\":\"https:\\\/\\\/auportoroi.lu\\\/mentions-legales\\\/\",\"name\":\"Mentions l\u00e9gales - Caves au Porto Roi\",\"isPartOf\":{\"@id\":\"https:\\\/\\\/auportoroi.lu\\\/#website\"},\"datePublished\":\"2025-05-28T08:19:55+00:00\",\"dateModified\":\"2025-05-28T08:20:56+00:00\",\"breadcrumb\":{\"@id\":\"https:\\\/\\\/auportoroi.lu\\\/mentions-legales\\\/#breadcrumb\"},\"inLanguage\":\"pt-PT\",\"potentialAction\":[{\"@type\":\"ReadAction\",\"target\":[\"https:\\\/\\\/auportoroi.lu\\\/mentions-legales\\\/\"]}]},{\"@type\":\"BreadcrumbList\",\"@id\":\"https:\\\/\\\/auportoroi.lu\\\/mentions-legales\\\/#breadcrumb\",\"itemListElement\":[{\"@type\":\"ListItem\",\"position\":1,\"name\":\"Accueil\",\"item\":\"https:\\\/\\\/auportoroi.lu\\\/\"},{\"@type\":\"ListItem\",\"position\":2,\"name\":\"Mentions l\u00e9gales\"}]},{\"@type\":\"WebSite\",\"@id\":\"https:\\\/\\\/auportoroi.lu\\\/#website\",\"url\":\"https:\\\/\\\/auportoroi.lu\\\/\",\"name\":\"Caves au Porto Roi\",\"description\":\"\",\"potentialAction\":[{\"@type\":\"SearchAction\",\"target\":{\"@type\":\"EntryPoint\",\"urlTemplate\":\"https:\\\/\\\/auportoroi.lu\\\/?s={search_term_string}\"},\"query-input\":{\"@type\":\"PropertyValueSpecification\",\"valueRequired\":true,\"valueName\":\"search_term_string\"}}],\"inLanguage\":\"pt-PT\"}]}<\/script>\n<!-- \/ Yoast SEO plugin. -->","yoast_head_json":{"title":"Informa\u00e7\u00f5es legais - Caves au Porto Roi","robots":{"index":"index","follow":"follow","max-snippet":"max-snippet:-1","max-image-preview":"max-image-preview:large","max-video-preview":"max-video-preview:-1"},"canonical":"https:\/\/auportoroi.lu\/pt\/informacao-juridica\/","og_locale":"pt_PT","og_type":"article","og_title":"Mentions l\u00e9gales - Caves au Porto Roi","og_description":"1 - \u00c9dition du site En vertu de\u00a0l'article 6 de la loi n\u00b0 2004-575 du 21 juin 2004\u00a0pour la confiance dans l'\u00e9conomie num\u00e9rique, il est pr\u00e9cis\u00e9 aux utilisateurs du site internet\u00a0https:\/\/auportoroi.lu\/\u00a0l'identit\u00e9 des diff\u00e9rents intervenants dans le cadre de sa r\u00e9alisation et de son suivi: Propri\u00e9taire du site :\u00a0PEDRO SOUSA\u00a0- Contact :\u00a0info@auportoroi.lu\u00a0+352 621 709 249\u00a0- Adresse :\u00a075 Rte de Diekirch - Luxembourg. Identification de l'entreprise : Adresse postale :\u00a075 Rte de Diekirch - Luxembourg\u00a0 Directeur de la publication : info@auportoroi.lu. H\u00e9bergeur :\u00a0Hostinger D\u00e9l\u00e9gu\u00e9 \u00e0 la protection des donn\u00e9es : info@auportoroi.lu 2 - Propri\u00e9t\u00e9 intellectuelle et contrefa\u00e7ons. PEDRO SOUSA\u00a0est propri\u00e9taire des droits de propri\u00e9t\u00e9 intellectuelle et d\u00e9tient les droits d\u2019usage sur tous les \u00e9l\u00e9ments accessibles sur le site internet, notamment les textes, images, graphismes, logos, vid\u00e9os, architecture, ic\u00f4nes et sons. Toute reproduction, repr\u00e9sentation, modification, publication, adaptation de tout ou partie des \u00e9l\u00e9ments du site, quel que soit le moyen ou le proc\u00e9d\u00e9 utilis\u00e9, est interdite, sauf autorisation \u00e9crite pr\u00e9alable de\u00a0PEDRO SOUSA. Toute exploitation non autoris\u00e9e du site ou de l\u2019un quelconque des \u00e9l\u00e9ments qu\u2019il contient sera consid\u00e9r\u00e9e comme constitutive d\u2019une contrefa\u00e7on et poursuivie conform\u00e9ment aux dispositions des articles\u00a0L.335-2 et suivants du Code de Propri\u00e9t\u00e9 Intellectuelle. 3 - Limitations de responsabilit\u00e9. Caves au [&hellip;]","og_url":"https:\/\/auportoroi.lu\/pt\/informacao-juridica\/","og_site_name":"Caves au Porto Roi","article_modified_time":"2025-05-28T08:20:56+00:00","twitter_card":"summary_large_image","schema":{"@context":"https:\/\/schema.org","@graph":[{"@type":"WebPage","@id":"https:\/\/auportoroi.lu\/mentions-legales\/","url":"https:\/\/auportoroi.lu\/mentions-legales\/","name":"Informa\u00e7\u00f5es legais - Caves au Porto Roi","isPartOf":{"@id":"https:\/\/auportoroi.lu\/#website"},"datePublished":"2025-05-28T08:19:55+00:00","dateModified":"2025-05-28T08:20:56+00:00","breadcrumb":{"@id":"https:\/\/auportoroi.lu\/mentions-legales\/#breadcrumb"},"inLanguage":"pt-PT","potentialAction":[{"@type":"ReadAction","target":["https:\/\/auportoroi.lu\/mentions-legales\/"]}]},{"@type":"BreadcrumbList","@id":"https:\/\/auportoroi.lu\/mentions-legales\/#breadcrumb","itemListElement":[{"@type":"ListItem","position":1,"name":"Accueil","item":"https:\/\/auportoroi.lu\/"},{"@type":"ListItem","position":2,"name":"Mentions l\u00e9gales"}]},{"@type":"WebSite","@id":"https:\/\/auportoroi.lu\/#website","url":"https:\/\/auportoroi.lu\/","name":"Grutas do Porto Roi","description":"","potentialAction":[{"@type":"SearchAction","target":{"@type":"EntryPoint","urlTemplate":"https:\/\/auportoroi.lu\/?s={search_term_string}"},"query-input":{"@type":"PropertyValueSpecification","valueRequired":true,"valueName":"search_term_string"}}],"inLanguage":"pt-PT"}]}},"_links":{"self":[{"href":"https:\/\/auportoroi.lu\/pt\/wp-json\/wp\/v2\/pages\/1090439","targetHints":{"allow":["GET"]}}],"collection":[{"href":"https:\/\/auportoroi.lu\/pt\/wp-json\/wp\/v2\/pages"}],"about":[{"href":"https:\/\/auportoroi.lu\/pt\/wp-json\/wp\/v2\/types\/page"}],"author":[{"embeddable":true,"href":"https:\/\/auportoroi.lu\/pt\/wp-json\/wp\/v2\/users\/1"}],"replies":[{"embeddable":true,"href":"https:\/\/auportoroi.lu\/pt\/wp-json\/wp\/v2\/comments?post=1090439"}],"version-history":[{"count":0,"href":"https:\/\/auportoroi.lu\/pt\/wp-json\/wp\/v2\/pages\/1090439\/revisions"}],"wp:attachment":[{"href":"https:\/\/auportoroi.lu\/pt\/wp-json\/wp\/v2\/media?parent=1090439"}],"wp:term":[{"taxonomy":"difl_page_category","embeddable":true,"href":"https:\/\/auportoroi.lu\/pt\/wp-json\/wp\/v2\/difl_page_category?post=1090439"}],"curies":[{"name":"wp","href":"https:\/\/api.w.org\/{rel}","templated":true}]}}